{"id":8509,"date":"2023-04-27T11:21:30","date_gmt":"2023-04-27T09:21:30","guid":{"rendered":"https:\/\/talmangroup.com\/?page_id=8509"},"modified":"2023-04-27T11:26:11","modified_gmt":"2023-04-27T09:26:11","slug":"politica-de-privacitat","status":"publish","type":"page","link":"https:\/\/talmangroup.com\/ca\/politica-de-privacitat\/","title":{"rendered":"Pol\u00edtica de privacitat"},"content":{"rendered":"[vc_row type=\u00bbin_container\u00bb full_screen_row_position=\u00bbmiddle\u00bb column_margin=\u00bbdefault\u00bb column_direction=\u00bbdefault\u00bb column_direction_tablet=\u00bbdefault\u00bb column_direction_phone=\u00bbdefault\u00bb scene_position=\u00bbcenter\u00bb text_color=\u00bbdark\u00bb text_align=\u00bbleft\u00bb row_border_radius=\u00bbnone\u00bb row_border_radius_applies=\u00bbbg\u00bb overflow=\u00bbvisible\u00bb overlay_strength=\u00bb0.3&#8243; gradient_direction=\u00bbleft_to_right\u00bb shape_divider_position=\u00bbbottom\u00bb bg_image_animation=\u00bbnone\u00bb][vc_column column_padding=\u00bbno-extra-padding\u00bb column_padding_tablet=\u00bbinherit\u00bb column_padding_phone=\u00bbinherit\u00bb column_padding_position=\u00bball\u00bb column_element_direction_desktop=\u00bbdefault\u00bb column_element_spacing=\u00bbdefault\u00bb desktop_text_alignment=\u00bbdefault\u00bb tablet_text_alignment=\u00bbdefault\u00bb phone_text_alignment=\u00bbdefault\u00bb background_color_opacity=\u00bb1&#8243; background_hover_color_opacity=\u00bb1&#8243; column_backdrop_filter=\u00bbnone\u00bb column_shadow=\u00bbnone\u00bb column_border_radius=\u00bbnone\u00bb column_link_target=\u00bb_self\u00bb column_position=\u00bbdefault\u00bb gradient_direction=\u00bbleft_to_right\u00bb overlay_strength=\u00bb0.3&#8243; width=\u00bb1\/1&#8243; tablet_width_inherit=\u00bbdefault\u00bb animation_type=\u00bbdefault\u00bb bg_image_animation=\u00bbnone\u00bb border_type=\u00bbsimple\u00bb column_border_width=\u00bbnone\u00bb column_border_style=\u00bbsolid\u00bb][vc_column_text]\n<h2>Tractament de dades personals<\/h2>\n<p>&nbsp;<\/p>\n<p>TALMAN GROUP S.L., com a Responsable del Tractament, amb CIF B-62.975.354, l&#8217;informa en virtut de la legislaci\u00f3 vigent en mat\u00e8ria de protecci\u00f3 de dades de car\u00e0cter personal, que les dades personals recollides mitjan\u00e7ant els diferents formularis del website, els que faci arribar a les adreces de correu electr\u00f2nic de contacte i els que pugui facilitar en converses telef\u00f2niques , seran tractades amb les seg\u00fcents finalitats:<\/p>\n<ul>\n<li>Atendre els comentaris o consultes que faci arribar a la nostra organitzaci\u00f3.<\/li>\n<li>Gestionar els processos de selecci\u00f3 encarregats a la nostra organitzaci\u00f3.<\/li>\n<li>Gesti\u00f3 econ\u00f2mica de l&#8217;empresa.<\/li>\n<li>Recepci\u00f3 del seu Curr\u00edculum Vitae i avaluaci\u00f3 de la seva candidatura a posicions de treball vacants en la nostra organitzaci\u00f3.<\/li>\n<li>Gesti\u00f3 de la relaci\u00f3 laboral amb els nostres empleats.<\/li>\n<\/ul>\n<p>Les dades que ens faciliti es conservaran durant el temps estrictament necessari per atendre la seva sol\u00b7licitud (inferior a sis mesos, llevat que de la seva sol\u00b7licitud es derivi una actuaci\u00f3 que requereixi per motius legals conservar-la durant un per\u00edode m\u00e9s llarg de temps), per mantenir-lo com interessat en futurs processos de selecci\u00f3 (dos anys, previ consentiment expr\u00e9s del candidat) o durant els anys necessaris per complir amb les obligacions legals, com la legislaci\u00f3 laboral i tribut\u00e0ria, i altra legislaci\u00f3 que li sigui aplicable.<\/p>\n<p>L&#8217;informem que vost\u00e8 pot exercir els drets d&#8217;acc\u00e9s, rectificaci\u00f3, supressi\u00f3, oposici\u00f3, limitaci\u00f3 del tractament i portabilitat sobre les dades personals que ens ha facilitat. Per a aix\u00f2, pot fer arribar la seva sol\u00b7licitud a la nostra organitzaci\u00f3, fent-nos arribar la seva sol\u00b7licitud per correu postal a TALMAN GROUP S.L., Ref. Protecci\u00f3 de Dades, Balmes, 182, principal 2\u00aa, 08006\u2013 Barcelona, o b\u00e9 fer arribar la seva sol\u00b7licitud per correu electr\u00f2nic a l\u2019adre\u00e7a talman@talmangroup.com.<\/p>\n<p>A continuaci\u00f3, s&#8217;amplia la informaci\u00f3 sobre els tractaments de dades personals efectuats per part de la nostra societat.<\/p>\n<p><strong>1. Responsable del Tractament<\/strong><\/p>\n<p>TALMAN GROUP S.L., amb CIF: B-62.975.354, societat inscrita al Registre Mercantil de Barcelona, Volum 34.921, Foli 67, Full B254823.<\/p>\n<p>Vost\u00e8 pot posar-se en contacte amb la nostra societat, de forma efectiva, de manera presencial o per correu postal a la nostra seu social: Balmes, 182, principal 2\u00aa, 08006 \u2013 Barcelona. Aix\u00ed, vost\u00e8 pot obtenir informaci\u00f3 addicional sobre els tractaments que fem, enviant un correu electr\u00f2nic a l\u2019adre\u00e7a talman@talmangroup.com.<\/p>\n<p><strong>2. Relaci\u00f3 d&#8217;activitats de tractament de dades personals dutes a terme per la nostra organitzaci\u00f3<\/strong><\/p>\n<p>La nostra societat tracta diferents dades personals dels interessats, amb diferents finalitats. A continuaci\u00f3 es descriuen els diferents tractaments efectuats, la seva finalitat, la base que legitima cada tractament, les cessions previstes a tercers, i els per\u00edodes de conservaci\u00f3 de la informaci\u00f3:<\/p>\n<p style=\"padding-left: 40px;\">1. Atenci\u00f3 de comentaris i consultes que faci arribar a la nostra organitzaci\u00f3.<\/p>\n<ul>\n<li style=\"list-style-type: none;\">\n<ul>\n<li>Origen de les dades: facilitades pel mateix interessat, mitjan\u00e7ant formularis habilitats a aquest efecte en el website, o informaci\u00f3 transmesa a l&#8217;organitzaci\u00f3 per correu electr\u00f2nic o per tel\u00e8fon.<\/li>\n<li>Finalitat del tractament: gestionar els comentaris i consultes que l&#8217;interessat faci arribar a la nostra organitzaci\u00f3.<\/li>\n<li>Base que legitima el tractament: inter\u00e8s leg\u00edtim de la nostra organitzaci\u00f3 (el tractament \u00e9s necessari per a l&#8217;execuci\u00f3 d&#8217;un contracte en el qual l&#8217;interessat \u00e9s part o per a l&#8217;aplicaci\u00f3 a petici\u00f3 d&#8217;aquest de mesures precontractuals), i consentiment expr\u00e9s de l&#8217;interessat per a aquells casos en qu\u00e8 aix\u00ed se li sol\u00b7liciti.<\/li>\n<li>Cessions de dades a tercers: no es contemplen cessions de la informaci\u00f3 facilitada a tercers que siguin aliens a la nostra organitzaci\u00f3.<\/li>\n<li>Per\u00edode de conservaci\u00f3 de les dades: inferior a sis mesos, llevat que de la seva sol\u00b7licitud se\u2019n derivi una actuaci\u00f3 que requereixi per motius legals conservar-la durant un per\u00edode m\u00e9s llarg de temps.<\/li>\n<\/ul>\n<\/li>\n<\/ul>\n<p style=\"padding-left: 40px;\">2. Gestionar els processos de selecci\u00f3 encarregats a la nostra organitzaci\u00f3.<\/p>\n<ul>\n<li style=\"list-style-type: none;\">\n<ul>\n<li>Origen de les dades: facilitades pel mateix interessat, mitjan\u00e7ant formularis habilitats a aquest efecte en el website, o informaci\u00f3 transmesa a l&#8217;organitzaci\u00f3 per correu electr\u00f2nic, per tel\u00e8fon o mitjan\u00e7ant les utilitats incorporades als diferents portals de cerca de feina o xarxes socials.<\/li>\n<li>Finalitat del tractament: gestionar els processos de selecci\u00f3 encarregats a la nostra organitzaci\u00f3, tractant tant les dades per part dels clients de la organitzaci\u00f3, com dels candidats a les posicions ofertes.<\/li>\n<li>Base que legitima el tractament: inter\u00e8s leg\u00edtim de la nostra organitzaci\u00f3 (el tractament \u00e9s necessari per a l&#8217;execuci\u00f3 d&#8217;un contracte en el qual l&#8217;interessat \u00e9s part o per a l&#8217;aplicaci\u00f3 a petici\u00f3 d&#8217;aquest de mesures precontractuals), i consentiment expr\u00e9s de l&#8217;interessat per a aquells casos en qu\u00e8 aix\u00ed se li sol\u00b7liciti.<\/li>\n<li>Cessions de dades a tercers: es cediran les dades dels candidats finalistes als clients que oferten una posici\u00f3 de treball, previ consentiment expr\u00e9s per part dels candidats.<\/li>\n<li>Per\u00edode de conservaci\u00f3 de les dades: inferior a dos anys si s&#8217;observa que el perfil del sol\u00b7licitant pot ajustar-se a necessitats presents o futures de l&#8217;empresa, i el candidat ha donat el seu consentiment expr\u00e9s per a tal finalitat. En el cas que el perfil dels candidats no s&#8217;ajusti a les necessitats de l&#8217;empresa, es procedir\u00e0 a la destrucci\u00f3 immediata.<\/li>\n<\/ul>\n<\/li>\n<\/ul>\n<p style=\"padding-left: 40px;\">3. Gesti\u00f3 econ\u00f2mica de l\u2019empresa.<\/p>\n<ul>\n<li style=\"list-style-type: none;\">\n<ul>\n<li>Origen de les dades: facilitades pel mateix interessat o pel seu representant legal, per correu electr\u00f2nic o per tel\u00e8fon.<\/li>\n<li>Finalitat del tractament: gestionar l&#8217;activitat econ\u00f2mica de l&#8217;empresa segons la legislaci\u00f3 vigent en mat\u00e8ria fiscal i mercantil.<\/li>\n<li>Base que legitima el tractament: inter\u00e8s leg\u00edtim de la nostra organitzaci\u00f3 (el tractament \u00e9s necessari per a l&#8217;execuci\u00f3 d&#8217;un contracte en el qual l&#8217;interessat \u00e9s part o per a l&#8217;aplicaci\u00f3 a petici\u00f3 d&#8217;aquest de mesures precontractuals, i el tractament \u00e9s necessari per al compliment d&#8217;una obligaci\u00f3 legal aplicable al responsable del tractament).<\/li>\n<li>Cessions de dades a tercers: en cas que sigui necessari, a l&#8217;administraci\u00f3 p\u00fablica amb compet\u00e8ncia en la mat\u00e8ria, com pot ser l&#8217;Ag\u00e8ncia Tribut\u00e0ria o Seguretat Social.<\/li>\n<li>Per\u00edode de conservaci\u00f3 de les dades: el requerit per l&#8217;administraci\u00f3 p\u00fablica fins a l&#8217;extinci\u00f3 de les responsabilitats.<\/li>\n<\/ul>\n<\/li>\n<\/ul>\n<p style=\"padding-left: 40px;\">4. Recepci\u00f3 del seu Curr\u00edculum Vitae i avaluaci\u00f3 de la seva candidatura a posicions de treball vacants en la nostra organitzaci\u00f3.<\/p>\n<ul>\n<li style=\"list-style-type: none;\">\n<ul>\n<li>Origen de les dades: facilitades pel mateix interessat, mitjan\u00e7ant formularis habilitats a aquest efecte en el website, o informaci\u00f3 transmesa a l&#8217;organitzaci\u00f3 per correu electr\u00f2nic o per tel\u00e8fon.<\/li>\n<li>Finalitat del tractament: avaluaci\u00f3 de candidatures a llocs de treball a la nostra organitzaci\u00f3.<\/li>\n<li>Base que legitima el tractament: inter\u00e8s leg\u00edtim de la nostra organitzaci\u00f3 (el tractament \u00e9s necessari per a l&#8217;execuci\u00f3 d&#8217;un contracte en el qual l&#8217;interessat \u00e9s part o per a l&#8217;aplicaci\u00f3 a petici\u00f3 d&#8217;aquest de mesures precontractuals).<\/li>\n<li>Cessions de dades a tercers: no es contemplen cessions de la informaci\u00f3 facilitada a tercers que siguin aliens a la nostra organitzaci\u00f3.<\/li>\n<li>Per\u00edode de conservaci\u00f3 de les dades: inferior a un any si s&#8217;observa que el perfil del sol\u00b7licitant pot ajustar-se a necessitats presents o futures de l&#8217;empresa. En el cas que el perfil no s&#8217;ajusti a les necessitats de l&#8217;empresa, es procedir\u00e0 a la destrucci\u00f3 immediata.<\/li>\n<\/ul>\n<\/li>\n<\/ul>\n<p style=\"padding-left: 40px;\">5. Gesti\u00f3 de la relaci\u00f3 laboral amb els nostres empleats.<\/p>\n<ul>\n<li style=\"list-style-type: none;\">\n<ul>\n<li>Origen de les dades: facilitades pel mateix interessat o pel seu representant legal, per correu electr\u00f2nic o per tel\u00e8fon.<\/li>\n<li>Finalitat del tractament: gestionar la relaci\u00f3 laboral amb els nostres empleats.<\/li>\n<li>Base que legitima el tractament: inter\u00e8s leg\u00edtim de la nostra organitzaci\u00f3 (el tractament \u00e9s necessari per a l&#8217;execuci\u00f3 d&#8217;un contracte en el qual l&#8217;interessat \u00e9s part o per a l&#8217;aplicaci\u00f3 a petici\u00f3 d&#8217;aquest de mesures precontractuals, i el tractament \u00e9s necessari per al compliment d&#8217;una obligaci\u00f3 legal aplicable al responsable del tractament).<\/li>\n<li>Cessions de dades a tercers: en cas que sigui necessari, a l&#8217;administraci\u00f3 p\u00fablica amb compet\u00e8ncia en la mat\u00e8ria, com pot ser l&#8217;Ag\u00e8ncia Tribut\u00e0ria o Seguretat Social.<\/li>\n<li>Per\u00edode de conservaci\u00f3 de les dades: inferior a sis mesos, llevat que de la seva sol\u00b7licitud se\u2019n derivi una actuaci\u00f3 que requereixi per motius legals conservar-la durant un per\u00edode m\u00e9s llarg de temps.<\/li>\n<\/ul>\n<\/li>\n<\/ul>\n<p><strong>Drets de Protecci\u00f3 de dades:<\/strong><\/p>\n<p>L&#8217;interessat, en relaci\u00f3 a les dades que s\u00f3n tractades per TALMAN GROUP S.L., t\u00e9 la possibilitat d&#8217;exercir de forma lliure i gratu\u00efta els seg\u00fcents drets:<\/p>\n<ul>\n<li>Accedir a les seves dades personals.<\/li>\n<li>Rectificar les seves dades personals quan siguin inexactes o incompletes.<\/li>\n<li>Suprimir les seves dades personals quan no siguin necess\u00e0ries per a les finalitats per a les que van ser recollides, entre altres motius.<\/li>\n<li>Limitar el tractament per part de TALMAN GROUP S.L. de totes o part de les seves dades personals en les circumst\u00e0ncies que determina la llei.<\/li>\n<li>Oposar-se a determinats tractaments en les circumst\u00e0ncies i per motius relacionats amb la seva situaci\u00f3 particular.<\/li>\n<li>Sol\u00b7licitar la portabilitat de les seves dades personals en un format interoperable i autosuficient.<\/li>\n<li>Retirar, en qualsevol moment, els consentiments atorgats pr\u00e8viament.<\/li>\n<\/ul>\n<p>Per a l&#8217;exercici d&#8217;aquests drets pot dirigir-se per escrit a TALMAN GROUP S.L., acreditant degudament la seva identitat, per qualsevol d\u2019aquests canals:<\/p>\n<ul>\n<li>Correu electr\u00f2nic: talman@talmangroup.com<\/li>\n<li>Correu postal: Balmes, 182, principal 2\u00aa, 08006 \u2013 Barcelona, amb la refer\u00e8ncia \u201cProtecci\u00f3 de Dades\u201d.<\/li>\n<li>De forma presencial a les nostres oficines.<\/li>\n<\/ul>\n<p>En cas de disconformitat amb la resposta obtinguda, podr\u00e0 adre\u00e7ar-se a la Agencia Espa\u00f1ola de Protecci\u00f3n de Datos a trav\u00e9s del seu web <a href=\"http:\/\/www.aepd.es\/\">www.aepd.es.<\/a>[\/vc_column_text][\/vc_column][\/vc_row]\n","protected":false},"excerpt":{"rendered":"<p>[vc_row type=\u00bbin_container\u00bb full_screen_row_position=\u00bbmiddle\u00bb column_margin=\u00bbdefault\u00bb column_direction=\u00bbdefault\u00bb column_direction_tablet=\u00bbdefault\u00bb column_direction_phone=\u00bbdefault\u00bb scene_position=\u00bbcenter\u00bb text_color=\u00bbdark\u00bb text_align=\u00bbleft\u00bb row_border_radius=\u00bbnone\u00bb row_border_radius_applies=\u00bbbg\u00bb overflow=\u00bbvisible\u00bb overlay_strength=\u00bb0.3&#8243; gradient_direction=\u00bbleft_to_right\u00bb shape_divider_position=\u00bbbottom\u00bb bg_image_animation=\u00bbnone\u00bb][vc_column column_padding=\u00bbno-extra-padding\u00bb column_padding_tablet=\u00bbinherit\u00bb column_padding_phone=\u00bbinherit\u00bb column_padding_position=\u00bball\u00bb column_element_direction_desktop=\u00bbdefault\u00bb column_element_spacing=\u00bbdefault\u00bb desktop_text_alignment=\u00bbdefault\u00bb tablet_text_alignment=\u00bbdefault\u00bb phone_text_alignment=\u00bbdefault\u00bb background_color_opacity=\u00bb1&#8243; background_hover_color_opacity=\u00bb1&#8243; column_backdrop_filter=\u00bbnone\u00bb column_shadow=\u00bbnone\u00bb&#8230;<\/p>\n","protected":false},"author":1,"featured_media":0,"parent":0,"menu_order":0,"comment_status":"closed","ping_status":"closed","template":"","meta":{"_monsterinsights_skip_tracking":false,"footnotes":""},"class_list":["post-8509","page","type-page","status-publish"],"yoast_head":"<!-- This site is optimized with the Yoast SEO plugin v28.2 - https:\/\/yoast.com\/product\/yoast-seo-wordpress\/ -->\n<title>Pol\u00edtica de privacitat | TalmanGroup<\/title>\n<meta name=\"robots\" content=\"index, follow, max-snippet:-1, max-image-preview:large, max-video-preview:-1\" \/>\n<link rel=\"canonical\" href=\"https:\/\/talmangroup.com\/ca\/politica-de-privacitat\/\" \/>\n<meta property=\"og:locale\" content=\"ca_ES\" \/>\n<meta property=\"og:type\" content=\"article\" \/>\n<meta property=\"og:title\" content=\"Pol\u00edtica de privacitat | TalmanGroup\" \/>\n<meta property=\"og:description\" content=\"[vc_row type=\u00bbin_container\u00bb full_screen_row_position=\u00bbmiddle\u00bb column_margin=\u00bbdefault\u00bb column_direction=\u00bbdefault\u00bb column_direction_tablet=\u00bbdefault\u00bb column_direction_phone=\u00bbdefault\u00bb scene_position=\u00bbcenter\u00bb text_color=\u00bbdark\u00bb text_align=\u00bbleft\u00bb row_border_radius=\u00bbnone\u00bb row_border_radius_applies=\u00bbbg\u00bb overflow=\u00bbvisible\u00bb overlay_strength=\u00bb0.3&#8243; gradient_direction=\u00bbleft_to_right\u00bb shape_divider_position=\u00bbbottom\u00bb bg_image_animation=\u00bbnone\u00bb][vc_column column_padding=\u00bbno-extra-padding\u00bb column_padding_tablet=\u00bbinherit\u00bb column_padding_phone=\u00bbinherit\u00bb column_padding_position=\u00bball\u00bb column_element_direction_desktop=\u00bbdefault\u00bb column_element_spacing=\u00bbdefault\u00bb desktop_text_alignment=\u00bbdefault\u00bb tablet_text_alignment=\u00bbdefault\u00bb phone_text_alignment=\u00bbdefault\u00bb background_color_opacity=\u00bb1&#8243; background_hover_color_opacity=\u00bb1&#8243; column_backdrop_filter=\u00bbnone\u00bb column_shadow=\u00bbnone\u00bb...\" \/>\n<meta property=\"og:url\" content=\"https:\/\/talmangroup.com\/ca\/politica-de-privacitat\/\" \/>\n<meta property=\"og:site_name\" content=\"TalmanGroup\" \/>\n<meta property=\"article:modified_time\" content=\"2023-04-27T09:26:11+00:00\" \/>\n<meta name=\"twitter:card\" content=\"summary_large_image\" \/>\n<meta name=\"twitter:label1\" content=\"Temps estimat de lectura\" \/>\n\t<meta name=\"twitter:data1\" content=\"7 minuts\" \/>\n<script type=\"application\/ld+json\" class=\"yoast-schema-graph\">{\"@context\":\"https:\\\/\\\/schema.org\",\"@graph\":[{\"@type\":\"WebPage\",\"@id\":\"https:\\\/\\\/talmangroup.com\\\/ca\\\/politica-de-privacitat\\\/\",\"url\":\"https:\\\/\\\/talmangroup.com\\\/ca\\\/politica-de-privacitat\\\/\",\"name\":\"Pol\u00edtica de privacitat | TalmanGroup\",\"isPartOf\":{\"@id\":\"https:\\\/\\\/talmangroup.com\\\/ca\\\/#website\"},\"datePublished\":\"2023-04-27T09:21:30+00:00\",\"dateModified\":\"2023-04-27T09:26:11+00:00\",\"breadcrumb\":{\"@id\":\"https:\\\/\\\/talmangroup.com\\\/ca\\\/politica-de-privacitat\\\/#breadcrumb\"},\"inLanguage\":\"ca\",\"potentialAction\":[{\"@type\":\"ReadAction\",\"target\":[\"https:\\\/\\\/talmangroup.com\\\/ca\\\/politica-de-privacitat\\\/\"]}]},{\"@type\":\"BreadcrumbList\",\"@id\":\"https:\\\/\\\/talmangroup.com\\\/ca\\\/politica-de-privacitat\\\/#breadcrumb\",\"itemListElement\":[{\"@type\":\"ListItem\",\"position\":1,\"name\":\"Portada\",\"item\":\"https:\\\/\\\/talmangroup.com\\\/ca\\\/\"},{\"@type\":\"ListItem\",\"position\":2,\"name\":\"Pol\u00edtica de privacitat\"}]},{\"@type\":\"WebSite\",\"@id\":\"https:\\\/\\\/talmangroup.com\\\/ca\\\/#website\",\"url\":\"https:\\\/\\\/talmangroup.com\\\/ca\\\/\",\"name\":\"TalmanGroup\",\"description\":\"Consultores estrat\u00e9gicos en executive search\",\"publisher\":{\"@id\":\"https:\\\/\\\/talmangroup.com\\\/ca\\\/#organization\"},\"potentialAction\":[{\"@type\":\"SearchAction\",\"target\":{\"@type\":\"EntryPoint\",\"urlTemplate\":\"https:\\\/\\\/talmangroup.com\\\/ca\\\/?s={search_term_string}\"},\"query-input\":{\"@type\":\"PropertyValueSpecification\",\"valueRequired\":true,\"valueName\":\"search_term_string\"}}],\"inLanguage\":\"ca\"},{\"@type\":\"Organization\",\"@id\":\"https:\\\/\\\/talmangroup.com\\\/ca\\\/#organization\",\"name\":\"TalmanGroup\",\"url\":\"https:\\\/\\\/talmangroup.com\\\/ca\\\/\",\"logo\":{\"@type\":\"ImageObject\",\"inLanguage\":\"ca\",\"@id\":\"https:\\\/\\\/talmangroup.com\\\/ca\\\/#\\\/schema\\\/logo\\\/image\\\/\",\"url\":\"https:\\\/\\\/talmangroup.com\\\/wp-content\\\/uploads\\\/2019\\\/11\\\/logo.png\",\"contentUrl\":\"https:\\\/\\\/talmangroup.com\\\/wp-content\\\/uploads\\\/2019\\\/11\\\/logo.png\",\"width\":200,\"height\":65,\"caption\":\"TalmanGroup\"},\"image\":{\"@id\":\"https:\\\/\\\/talmangroup.com\\\/ca\\\/#\\\/schema\\\/logo\\\/image\\\/\"},\"sameAs\":[\"https:\\\/\\\/www.linkedin.com\\\/company\\\/talmangroup\\\/?originalSubdomain=es\"]}]}<\/script>\n<!-- \/ Yoast SEO plugin. -->","yoast_head_json":{"title":"Pol\u00edtica de privacitat | TalmanGroup","robots":{"index":"index","follow":"follow","max-snippet":"max-snippet:-1","max-image-preview":"max-image-preview:large","max-video-preview":"max-video-preview:-1"},"canonical":"https:\/\/talmangroup.com\/ca\/politica-de-privacitat\/","og_locale":"ca_ES","og_type":"article","og_title":"Pol\u00edtica de privacitat | TalmanGroup","og_description":"[vc_row type=\u00bbin_container\u00bb full_screen_row_position=\u00bbmiddle\u00bb column_margin=\u00bbdefault\u00bb column_direction=\u00bbdefault\u00bb column_direction_tablet=\u00bbdefault\u00bb column_direction_phone=\u00bbdefault\u00bb scene_position=\u00bbcenter\u00bb text_color=\u00bbdark\u00bb text_align=\u00bbleft\u00bb row_border_radius=\u00bbnone\u00bb row_border_radius_applies=\u00bbbg\u00bb overflow=\u00bbvisible\u00bb overlay_strength=\u00bb0.3&#8243; gradient_direction=\u00bbleft_to_right\u00bb shape_divider_position=\u00bbbottom\u00bb bg_image_animation=\u00bbnone\u00bb][vc_column column_padding=\u00bbno-extra-padding\u00bb column_padding_tablet=\u00bbinherit\u00bb column_padding_phone=\u00bbinherit\u00bb column_padding_position=\u00bball\u00bb column_element_direction_desktop=\u00bbdefault\u00bb column_element_spacing=\u00bbdefault\u00bb desktop_text_alignment=\u00bbdefault\u00bb tablet_text_alignment=\u00bbdefault\u00bb phone_text_alignment=\u00bbdefault\u00bb background_color_opacity=\u00bb1&#8243; background_hover_color_opacity=\u00bb1&#8243; column_backdrop_filter=\u00bbnone\u00bb column_shadow=\u00bbnone\u00bb...","og_url":"https:\/\/talmangroup.com\/ca\/politica-de-privacitat\/","og_site_name":"TalmanGroup","article_modified_time":"2023-04-27T09:26:11+00:00","twitter_card":"summary_large_image","twitter_misc":{"Temps estimat de lectura":"7 minuts"},"schema":{"@context":"https:\/\/schema.org","@graph":[{"@type":"WebPage","@id":"https:\/\/talmangroup.com\/ca\/politica-de-privacitat\/","url":"https:\/\/talmangroup.com\/ca\/politica-de-privacitat\/","name":"Pol\u00edtica de privacitat | TalmanGroup","isPartOf":{"@id":"https:\/\/talmangroup.com\/ca\/#website"},"datePublished":"2023-04-27T09:21:30+00:00","dateModified":"2023-04-27T09:26:11+00:00","breadcrumb":{"@id":"https:\/\/talmangroup.com\/ca\/politica-de-privacitat\/#breadcrumb"},"inLanguage":"ca","potentialAction":[{"@type":"ReadAction","target":["https:\/\/talmangroup.com\/ca\/politica-de-privacitat\/"]}]},{"@type":"BreadcrumbList","@id":"https:\/\/talmangroup.com\/ca\/politica-de-privacitat\/#breadcrumb","itemListElement":[{"@type":"ListItem","position":1,"name":"Portada","item":"https:\/\/talmangroup.com\/ca\/"},{"@type":"ListItem","position":2,"name":"Pol\u00edtica de privacitat"}]},{"@type":"WebSite","@id":"https:\/\/talmangroup.com\/ca\/#website","url":"https:\/\/talmangroup.com\/ca\/","name":"TalmanGroup","description":"Consultores estrat\u00e9gicos en executive search","publisher":{"@id":"https:\/\/talmangroup.com\/ca\/#organization"},"potentialAction":[{"@type":"SearchAction","target":{"@type":"EntryPoint","urlTemplate":"https:\/\/talmangroup.com\/ca\/?s={search_term_string}"},"query-input":{"@type":"PropertyValueSpecification","valueRequired":true,"valueName":"search_term_string"}}],"inLanguage":"ca"},{"@type":"Organization","@id":"https:\/\/talmangroup.com\/ca\/#organization","name":"TalmanGroup","url":"https:\/\/talmangroup.com\/ca\/","logo":{"@type":"ImageObject","inLanguage":"ca","@id":"https:\/\/talmangroup.com\/ca\/#\/schema\/logo\/image\/","url":"https:\/\/talmangroup.com\/wp-content\/uploads\/2019\/11\/logo.png","contentUrl":"https:\/\/talmangroup.com\/wp-content\/uploads\/2019\/11\/logo.png","width":200,"height":65,"caption":"TalmanGroup"},"image":{"@id":"https:\/\/talmangroup.com\/ca\/#\/schema\/logo\/image\/"},"sameAs":["https:\/\/www.linkedin.com\/company\/talmangroup\/?originalSubdomain=es"]}]}},"_links":{"self":[{"href":"https:\/\/talmangroup.com\/ca\/wp-json\/wp\/v2\/pages\/8509","targetHints":{"allow":["GET"]}}],"collection":[{"href":"https:\/\/talmangroup.com\/ca\/wp-json\/wp\/v2\/pages"}],"about":[{"href":"https:\/\/talmangroup.com\/ca\/wp-json\/wp\/v2\/types\/page"}],"author":[{"embeddable":true,"href":"https:\/\/talmangroup.com\/ca\/wp-json\/wp\/v2\/users\/1"}],"replies":[{"embeddable":true,"href":"https:\/\/talmangroup.com\/ca\/wp-json\/wp\/v2\/comments?post=8509"}],"version-history":[{"count":4,"href":"https:\/\/talmangroup.com\/ca\/wp-json\/wp\/v2\/pages\/8509\/revisions"}],"predecessor-version":[{"id":8513,"href":"https:\/\/talmangroup.com\/ca\/wp-json\/wp\/v2\/pages\/8509\/revisions\/8513"}],"wp:attachment":[{"href":"https:\/\/talmangroup.com\/ca\/wp-json\/wp\/v2\/media?parent=8509"}],"curies":[{"name":"wp","href":"https:\/\/api.w.org\/{rel}","templated":true}]}}