{"id":8136,"date":"2022-04-11T15:12:36","date_gmt":"2022-04-11T13:12:36","guid":{"rendered":"https:\/\/talmangroup.com\/?page_id=8136"},"modified":"2022-04-11T15:33:26","modified_gmt":"2022-04-11T13:33:26","slug":"ignasi-rafel-participa-en-el-desayuno-con-headhunters-en-esade","status":"publish","type":"page","link":"https:\/\/talmangroup.com\/ca\/ignasi-rafel-participa-en-el-desayuno-con-headhunters-en-esade\/","title":{"rendered":"Ignasi Rafel participa en \u00abCaf\u00e9 con Headhunters\u00bb. ESADE."},"content":{"rendered":"<p data-aura-rendered-by=\"6:546;a\">Ignasi Rafel participa en este nuevo encuentro organizado en el marco de primera edici\u00f3n de la <a href=\"https:\/\/www.esadealumni.net\/es\/career-week\"><strong>Career Week<\/strong><\/a>\u00a0de\u00a0<strong>Esade Alumni<\/strong>, en la cual se debatir\u00e1 acerca del futuro del mercado laboral, la relaci\u00f3n con los head-hunters y las distintas oportunidades para los profesionales s\u00e9nior, entre otras cuestiones.<\/p>\n<p data-aura-rendered-by=\"6:546;a\">Durante la sesi\u00f3n, tendr\u00e1n la oportunidad de conversar de t\u00fa a t\u00fa con ellos a trav\u00e9s de mesas de debate totalmente participativas y formularles preguntas como: <b>\u00bfCu\u00e1l es la mejor manera de aproximarse a un head hunter? \u00bfCu\u00e1les son las competencias m\u00e1s solicitadas en el mercado? o \u00bfCu\u00e1les son los sectores con mayor crecimiento?<\/b><\/p>\n<p><img loading=\"lazy\" decoding=\"async\" class=\"alignnone size-medium wp-image-8137\" src=\"https:\/\/talmangroup.com\/wp-content\/uploads\/2022\/04\/esade-300x225.jpg\" alt=\"\" width=\"300\" height=\"225\" srcset=\"https:\/\/talmangroup.com\/wp-content\/uploads\/2022\/04\/esade-300x225.jpg 300w, https:\/\/talmangroup.com\/wp-content\/uploads\/2022\/04\/esade-1024x768.jpg 1024w, https:\/\/talmangroup.com\/wp-content\/uploads\/2022\/04\/esade-768x576.jpg 768w, https:\/\/talmangroup.com\/wp-content\/uploads\/2022\/04\/esade-1536x1152.jpg 1536w, https:\/\/talmangroup.com\/wp-content\/uploads\/2022\/04\/esade.jpg 2048w\" sizes=\"auto, (max-width: 300px) 100vw, 300px\" \/><\/p>\n","protected":false},"excerpt":{"rendered":"<p>Ignasi Rafel participa en este nuevo encuentro organizado en el marco de primera edici\u00f3n de la Career Week\u00a0de\u00a0Esade Alumni, en la cual se debatir\u00e1 acerca del futuro del mercado laboral,&#8230;<\/p>\n","protected":false},"author":1,"featured_media":8137,"parent":0,"menu_order":0,"comment_status":"closed","ping_status":"closed","template":"","meta":{"_monsterinsights_skip_tracking":false,"footnotes":""},"class_list":["post-8136","page","type-page","status-publish","has-post-thumbnail"],"yoast_head":"<!-- This site is optimized with the Yoast SEO plugin v28.2 - https:\/\/yoast.com\/product\/yoast-seo-wordpress\/ -->\n<title>Ignasi Rafel participa en &quot;Caf\u00e9 con Headhunters&quot;. ESADE. | TalmanGroup<\/title>\n<meta name=\"robots\" content=\"index, follow, max-snippet:-1, max-image-preview:large, max-video-preview:-1\" \/>\n<link rel=\"canonical\" href=\"https:\/\/talmangroup.com\/ca\/ignasi-rafel-participa-en-el-desayuno-con-headhunters-en-esade\/\" \/>\n<meta property=\"og:locale\" content=\"ca_ES\" \/>\n<meta property=\"og:type\" content=\"article\" \/>\n<meta property=\"og:title\" content=\"Ignasi Rafel participa en &quot;Caf\u00e9 con Headhunters&quot;. ESADE. | TalmanGroup\" \/>\n<meta property=\"og:description\" content=\"Ignasi Rafel participa en este nuevo encuentro organizado en el marco de primera edici\u00f3n de la Career Week\u00a0de\u00a0Esade Alumni, en la cual se debatir\u00e1 acerca del futuro del mercado laboral,...\" \/>\n<meta property=\"og:url\" content=\"https:\/\/talmangroup.com\/ca\/ignasi-rafel-participa-en-el-desayuno-con-headhunters-en-esade\/\" \/>\n<meta property=\"og:site_name\" content=\"TalmanGroup\" \/>\n<meta property=\"article:modified_time\" content=\"2022-04-11T13:33:26+00:00\" \/>\n<meta property=\"og:image\" content=\"https:\/\/talmangroup.com\/wp-content\/uploads\/2022\/04\/esade.jpg\" \/>\n\t<meta property=\"og:image:width\" content=\"2048\" \/>\n\t<meta property=\"og:image:height\" content=\"1536\" \/>\n\t<meta property=\"og:image:type\" content=\"image\/jpeg\" \/>\n<meta name=\"twitter:card\" content=\"summary_large_image\" \/>\n<meta name=\"twitter:label1\" content=\"Temps estimat de lectura\" \/>\n\t<meta name=\"twitter:data1\" content=\"1 minut\" \/>\n<script type=\"application\/ld+json\" class=\"yoast-schema-graph\">{\"@context\":\"https:\\\/\\\/schema.org\",\"@graph\":[{\"@type\":\"WebPage\",\"@id\":\"https:\\\/\\\/talmangroup.com\\\/ca\\\/ignasi-rafel-participa-en-el-desayuno-con-headhunters-en-esade\\\/\",\"url\":\"https:\\\/\\\/talmangroup.com\\\/ca\\\/ignasi-rafel-participa-en-el-desayuno-con-headhunters-en-esade\\\/\",\"name\":\"Ignasi Rafel participa en \\\"Caf\u00e9 con Headhunters\\\". ESADE. | TalmanGroup\",\"isPartOf\":{\"@id\":\"https:\\\/\\\/talmangroup.com\\\/ca\\\/#website\"},\"primaryImageOfPage\":{\"@id\":\"https:\\\/\\\/talmangroup.com\\\/ca\\\/ignasi-rafel-participa-en-el-desayuno-con-headhunters-en-esade\\\/#primaryimage\"},\"image\":{\"@id\":\"https:\\\/\\\/talmangroup.com\\\/ca\\\/ignasi-rafel-participa-en-el-desayuno-con-headhunters-en-esade\\\/#primaryimage\"},\"thumbnailUrl\":\"https:\\\/\\\/talmangroup.com\\\/wp-content\\\/uploads\\\/2022\\\/04\\\/esade.jpg\",\"datePublished\":\"2022-04-11T13:12:36+00:00\",\"dateModified\":\"2022-04-11T13:33:26+00:00\",\"breadcrumb\":{\"@id\":\"https:\\\/\\\/talmangroup.com\\\/ca\\\/ignasi-rafel-participa-en-el-desayuno-con-headhunters-en-esade\\\/#breadcrumb\"},\"inLanguage\":\"ca\",\"potentialAction\":[{\"@type\":\"ReadAction\",\"target\":[\"https:\\\/\\\/talmangroup.com\\\/ca\\\/ignasi-rafel-participa-en-el-desayuno-con-headhunters-en-esade\\\/\"]}]},{\"@type\":\"ImageObject\",\"inLanguage\":\"ca\",\"@id\":\"https:\\\/\\\/talmangroup.com\\\/ca\\\/ignasi-rafel-participa-en-el-desayuno-con-headhunters-en-esade\\\/#primaryimage\",\"url\":\"https:\\\/\\\/talmangroup.com\\\/wp-content\\\/uploads\\\/2022\\\/04\\\/esade.jpg\",\"contentUrl\":\"https:\\\/\\\/talmangroup.com\\\/wp-content\\\/uploads\\\/2022\\\/04\\\/esade.jpg\",\"width\":2048,\"height\":1536},{\"@type\":\"BreadcrumbList\",\"@id\":\"https:\\\/\\\/talmangroup.com\\\/ca\\\/ignasi-rafel-participa-en-el-desayuno-con-headhunters-en-esade\\\/#breadcrumb\",\"itemListElement\":[{\"@type\":\"ListItem\",\"position\":1,\"name\":\"Portada\",\"item\":\"https:\\\/\\\/talmangroup.com\\\/ca\\\/\"},{\"@type\":\"ListItem\",\"position\":2,\"name\":\"Ignasi Rafel participa en \u00abCaf\u00e9 con Headhunters\u00bb. ESADE.\"}]},{\"@type\":\"WebSite\",\"@id\":\"https:\\\/\\\/talmangroup.com\\\/ca\\\/#website\",\"url\":\"https:\\\/\\\/talmangroup.com\\\/ca\\\/\",\"name\":\"TalmanGroup\",\"description\":\"Consultores estrat\u00e9gicos en executive search\",\"publisher\":{\"@id\":\"https:\\\/\\\/talmangroup.com\\\/ca\\\/#organization\"},\"potentialAction\":[{\"@type\":\"SearchAction\",\"target\":{\"@type\":\"EntryPoint\",\"urlTemplate\":\"https:\\\/\\\/talmangroup.com\\\/ca\\\/?s={search_term_string}\"},\"query-input\":{\"@type\":\"PropertyValueSpecification\",\"valueRequired\":true,\"valueName\":\"search_term_string\"}}],\"inLanguage\":\"ca\"},{\"@type\":\"Organization\",\"@id\":\"https:\\\/\\\/talmangroup.com\\\/ca\\\/#organization\",\"name\":\"TalmanGroup\",\"url\":\"https:\\\/\\\/talmangroup.com\\\/ca\\\/\",\"logo\":{\"@type\":\"ImageObject\",\"inLanguage\":\"ca\",\"@id\":\"https:\\\/\\\/talmangroup.com\\\/ca\\\/#\\\/schema\\\/logo\\\/image\\\/\",\"url\":\"https:\\\/\\\/talmangroup.com\\\/wp-content\\\/uploads\\\/2019\\\/11\\\/logo.png\",\"contentUrl\":\"https:\\\/\\\/talmangroup.com\\\/wp-content\\\/uploads\\\/2019\\\/11\\\/logo.png\",\"width\":200,\"height\":65,\"caption\":\"TalmanGroup\"},\"image\":{\"@id\":\"https:\\\/\\\/talmangroup.com\\\/ca\\\/#\\\/schema\\\/logo\\\/image\\\/\"},\"sameAs\":[\"https:\\\/\\\/www.linkedin.com\\\/company\\\/talmangroup\\\/?originalSubdomain=es\"]}]}<\/script>\n<!-- \/ Yoast SEO plugin. -->","yoast_head_json":{"title":"Ignasi Rafel participa en \"Caf\u00e9 con Headhunters\". ESADE. | TalmanGroup","robots":{"index":"index","follow":"follow","max-snippet":"max-snippet:-1","max-image-preview":"max-image-preview:large","max-video-preview":"max-video-preview:-1"},"canonical":"https:\/\/talmangroup.com\/ca\/ignasi-rafel-participa-en-el-desayuno-con-headhunters-en-esade\/","og_locale":"ca_ES","og_type":"article","og_title":"Ignasi Rafel participa en \"Caf\u00e9 con Headhunters\". ESADE. | TalmanGroup","og_description":"Ignasi Rafel participa en este nuevo encuentro organizado en el marco de primera edici\u00f3n de la Career Week\u00a0de\u00a0Esade Alumni, en la cual se debatir\u00e1 acerca del futuro del mercado laboral,...","og_url":"https:\/\/talmangroup.com\/ca\/ignasi-rafel-participa-en-el-desayuno-con-headhunters-en-esade\/","og_site_name":"TalmanGroup","article_modified_time":"2022-04-11T13:33:26+00:00","og_image":[{"width":2048,"height":1536,"url":"https:\/\/talmangroup.com\/wp-content\/uploads\/2022\/04\/esade.jpg","type":"image\/jpeg"}],"twitter_card":"summary_large_image","twitter_misc":{"Temps estimat de lectura":"1 minut"},"schema":{"@context":"https:\/\/schema.org","@graph":[{"@type":"WebPage","@id":"https:\/\/talmangroup.com\/ca\/ignasi-rafel-participa-en-el-desayuno-con-headhunters-en-esade\/","url":"https:\/\/talmangroup.com\/ca\/ignasi-rafel-participa-en-el-desayuno-con-headhunters-en-esade\/","name":"Ignasi Rafel participa en \"Caf\u00e9 con Headhunters\". ESADE. | TalmanGroup","isPartOf":{"@id":"https:\/\/talmangroup.com\/ca\/#website"},"primaryImageOfPage":{"@id":"https:\/\/talmangroup.com\/ca\/ignasi-rafel-participa-en-el-desayuno-con-headhunters-en-esade\/#primaryimage"},"image":{"@id":"https:\/\/talmangroup.com\/ca\/ignasi-rafel-participa-en-el-desayuno-con-headhunters-en-esade\/#primaryimage"},"thumbnailUrl":"https:\/\/talmangroup.com\/wp-content\/uploads\/2022\/04\/esade.jpg","datePublished":"2022-04-11T13:12:36+00:00","dateModified":"2022-04-11T13:33:26+00:00","breadcrumb":{"@id":"https:\/\/talmangroup.com\/ca\/ignasi-rafel-participa-en-el-desayuno-con-headhunters-en-esade\/#breadcrumb"},"inLanguage":"ca","potentialAction":[{"@type":"ReadAction","target":["https:\/\/talmangroup.com\/ca\/ignasi-rafel-participa-en-el-desayuno-con-headhunters-en-esade\/"]}]},{"@type":"ImageObject","inLanguage":"ca","@id":"https:\/\/talmangroup.com\/ca\/ignasi-rafel-participa-en-el-desayuno-con-headhunters-en-esade\/#primaryimage","url":"https:\/\/talmangroup.com\/wp-content\/uploads\/2022\/04\/esade.jpg","contentUrl":"https:\/\/talmangroup.com\/wp-content\/uploads\/2022\/04\/esade.jpg","width":2048,"height":1536},{"@type":"BreadcrumbList","@id":"https:\/\/talmangroup.com\/ca\/ignasi-rafel-participa-en-el-desayuno-con-headhunters-en-esade\/#breadcrumb","itemListElement":[{"@type":"ListItem","position":1,"name":"Portada","item":"https:\/\/talmangroup.com\/ca\/"},{"@type":"ListItem","position":2,"name":"Ignasi Rafel participa en \u00abCaf\u00e9 con Headhunters\u00bb. ESADE."}]},{"@type":"WebSite","@id":"https:\/\/talmangroup.com\/ca\/#website","url":"https:\/\/talmangroup.com\/ca\/","name":"TalmanGroup","description":"Consultores estrat\u00e9gicos en executive search","publisher":{"@id":"https:\/\/talmangroup.com\/ca\/#organization"},"potentialAction":[{"@type":"SearchAction","target":{"@type":"EntryPoint","urlTemplate":"https:\/\/talmangroup.com\/ca\/?s={search_term_string}"},"query-input":{"@type":"PropertyValueSpecification","valueRequired":true,"valueName":"search_term_string"}}],"inLanguage":"ca"},{"@type":"Organization","@id":"https:\/\/talmangroup.com\/ca\/#organization","name":"TalmanGroup","url":"https:\/\/talmangroup.com\/ca\/","logo":{"@type":"ImageObject","inLanguage":"ca","@id":"https:\/\/talmangroup.com\/ca\/#\/schema\/logo\/image\/","url":"https:\/\/talmangroup.com\/wp-content\/uploads\/2019\/11\/logo.png","contentUrl":"https:\/\/talmangroup.com\/wp-content\/uploads\/2019\/11\/logo.png","width":200,"height":65,"caption":"TalmanGroup"},"image":{"@id":"https:\/\/talmangroup.com\/ca\/#\/schema\/logo\/image\/"},"sameAs":["https:\/\/www.linkedin.com\/company\/talmangroup\/?originalSubdomain=es"]}]}},"_links":{"self":[{"href":"https:\/\/talmangroup.com\/ca\/wp-json\/wp\/v2\/pages\/8136","targetHints":{"allow":["GET"]}}],"collection":[{"href":"https:\/\/talmangroup.com\/ca\/wp-json\/wp\/v2\/pages"}],"about":[{"href":"https:\/\/talmangroup.com\/ca\/wp-json\/wp\/v2\/types\/page"}],"author":[{"embeddable":true,"href":"https:\/\/talmangroup.com\/ca\/wp-json\/wp\/v2\/users\/1"}],"replies":[{"embeddable":true,"href":"https:\/\/talmangroup.com\/ca\/wp-json\/wp\/v2\/comments?post=8136"}],"version-history":[{"count":3,"href":"https:\/\/talmangroup.com\/ca\/wp-json\/wp\/v2\/pages\/8136\/revisions"}],"predecessor-version":[{"id":8141,"href":"https:\/\/talmangroup.com\/ca\/wp-json\/wp\/v2\/pages\/8136\/revisions\/8141"}],"wp:featuredmedia":[{"embeddable":true,"href":"https:\/\/talmangroup.com\/ca\/wp-json\/wp\/v2\/media\/8137"}],"wp:attachment":[{"href":"https:\/\/talmangroup.com\/ca\/wp-json\/wp\/v2\/media?parent=8136"}],"curies":[{"name":"wp","href":"https:\/\/api.w.org\/{rel}","templated":true}]}}